{"id":1733,"date":"2022-10-25T08:17:24","date_gmt":"2022-10-25T08:17:24","guid":{"rendered":"http:\/\/vizcainadealimentacion.com\/?page_id=1733"},"modified":"2023-11-16T15:37:52","modified_gmt":"2023-11-16T14:37:52","slug":"vizcaina-alimentacion-privacidad","status":"publish","type":"page","link":"https:\/\/vizcainadealimentacion.com\/index.php\/vizcaina-alimentacion-privacidad\/","title":{"rendered":"VIzcaina Alimentaci\u00f3n -Privacidad"},"content":{"rendered":"\t\t<div data-elementor-type=\"wp-page\" data-elementor-id=\"1733\" class=\"elementor elementor-1733\">\n\t\t\t\t\t\t<section class=\"elementor-section elementor-top-section elementor-element elementor-element-e4c58f8 elementor-section-full_width elementor-section-height-default elementor-section-height-default\" data-id=\"e4c58f8\" data-element_type=\"section\" data-e-type=\"section\">\n\t\t\t\t\t\t<div class=\"elementor-container elementor-column-gap-default\">\n\t\t\t\t\t<div class=\"elementor-column elementor-col-50 elementor-top-column elementor-element elementor-element-2b8d06d5\" data-id=\"2b8d06d5\" data-element_type=\"column\" data-e-type=\"column\">\n\t\t\t<div class=\"elementor-widget-wrap elementor-element-populated\">\n\t\t\t\t\t\t<div class=\"elementor-element elementor-element-2677bb2 elementor-widget elementor-widget-image\" data-id=\"2677bb2\" data-element_type=\"widget\" data-e-type=\"widget\" data-widget_type=\"image.default\">\n\t\t\t\t<div class=\"elementor-widget-container\">\n\t\t\t\t\t\t\t\t\t\t\t\t\t\t\t<img fetchpriority=\"high\" decoding=\"async\" width=\"1024\" height=\"553\" src=\"https:\/\/vizcainadealimentacion.com\/wp-content\/uploads\/2022\/10\/Logo-Vizcaina_1.jpg\" class=\"attachment-large size-large wp-image-1496\" alt=\"\" srcset=\"https:\/\/vizcainadealimentacion.com\/wp-content\/uploads\/2022\/10\/Logo-Vizcaina_1.jpg 1024w, https:\/\/vizcainadealimentacion.com\/wp-content\/uploads\/2022\/10\/Logo-Vizcaina_1-300x162.jpg 300w, https:\/\/vizcainadealimentacion.com\/wp-content\/uploads\/2022\/10\/Logo-Vizcaina_1-768x415.jpg 768w\" sizes=\"(max-width: 1024px) 100vw, 1024px\" \/>\t\t\t\t\t\t\t\t\t\t\t\t\t\t\t<\/div>\n\t\t\t\t<\/div>\n\t\t\t\t\t<\/div>\n\t\t<\/div>\n\t\t\t\t<div class=\"elementor-column elementor-col-50 elementor-top-column elementor-element elementor-element-41822eba\" data-id=\"41822eba\" data-element_type=\"column\" data-e-type=\"column\">\n\t\t\t<div class=\"elementor-widget-wrap elementor-element-populated\">\n\t\t\t\t\t\t<div class=\"elementor-element elementor-element-828bd57 elementor-hidden-phone elementor-widget elementor-widget-text-editor\" data-id=\"828bd57\" data-element_type=\"widget\" data-e-type=\"widget\" data-widget_type=\"text-editor.default\">\n\t\t\t\t<div class=\"elementor-widget-container\">\n\t\t\t\t\t\t\t\t\t<p>952 31 64 62 \u00b7 646 595 732<\/p>\t\t\t\t\t\t\t\t<\/div>\n\t\t\t\t<\/div>\n\t\t\t\t<div class=\"elementor-element elementor-element-413b160 hfe-nav-menu__align-right hfe-submenu-icon-arrow hfe-submenu-animation-none hfe-link-redirect-child hfe-nav-menu__breakpoint-tablet elementor-widget elementor-widget-navigation-menu\" data-id=\"413b160\" data-element_type=\"widget\" data-e-type=\"widget\" data-settings=\"{&quot;padding_horizontal_menu_item&quot;:{&quot;unit&quot;:&quot;px&quot;,&quot;size&quot;:21,&quot;sizes&quot;:[]},&quot;padding_vertical_menu_item&quot;:{&quot;unit&quot;:&quot;px&quot;,&quot;size&quot;:10,&quot;sizes&quot;:[]},&quot;menu_space_between&quot;:{&quot;unit&quot;:&quot;px&quot;,&quot;size&quot;:61,&quot;sizes&quot;:[]},&quot;menu_row_space&quot;:{&quot;unit&quot;:&quot;px&quot;,&quot;size&quot;:3,&quot;sizes&quot;:[]},&quot;toggle_size&quot;:{&quot;unit&quot;:&quot;px&quot;,&quot;size&quot;:15,&quot;sizes&quot;:[]},&quot;width_dropdown_item&quot;:{&quot;unit&quot;:&quot;px&quot;,&quot;size&quot;:215,&quot;sizes&quot;:[]},&quot;padding_horizontal_dropdown_item&quot;:{&quot;unit&quot;:&quot;px&quot;,&quot;size&quot;:10,&quot;sizes&quot;:[]},&quot;distance_from_menu&quot;:{&quot;unit&quot;:&quot;px&quot;,&quot;size&quot;:-4,&quot;sizes&quot;:[]},&quot;padding_horizontal_menu_item_tablet&quot;:{&quot;unit&quot;:&quot;px&quot;,&quot;size&quot;:&quot;&quot;,&quot;sizes&quot;:[]},&quot;padding_horizontal_menu_item_mobile&quot;:{&quot;unit&quot;:&quot;px&quot;,&quot;size&quot;:&quot;&quot;,&quot;sizes&quot;:[]},&quot;padding_vertical_menu_item_tablet&quot;:{&quot;unit&quot;:&quot;px&quot;,&quot;size&quot;:&quot;&quot;,&quot;sizes&quot;:[]},&quot;padding_vertical_menu_item_mobile&quot;:{&quot;unit&quot;:&quot;px&quot;,&quot;size&quot;:&quot;&quot;,&quot;sizes&quot;:[]},&quot;menu_space_between_tablet&quot;:{&quot;unit&quot;:&quot;px&quot;,&quot;size&quot;:&quot;&quot;,&quot;sizes&quot;:[]},&quot;menu_space_between_mobile&quot;:{&quot;unit&quot;:&quot;px&quot;,&quot;size&quot;:&quot;&quot;,&quot;sizes&quot;:[]},&quot;menu_row_space_tablet&quot;:{&quot;unit&quot;:&quot;px&quot;,&quot;size&quot;:&quot;&quot;,&quot;sizes&quot;:[]},&quot;menu_row_space_mobile&quot;:{&quot;unit&quot;:&quot;px&quot;,&quot;size&quot;:&quot;&quot;,&quot;sizes&quot;:[]},&quot;dropdown_border_radius&quot;:{&quot;unit&quot;:&quot;px&quot;,&quot;top&quot;:&quot;&quot;,&quot;right&quot;:&quot;&quot;,&quot;bottom&quot;:&quot;&quot;,&quot;left&quot;:&quot;&quot;,&quot;isLinked&quot;:true},&quot;dropdown_border_radius_tablet&quot;:{&quot;unit&quot;:&quot;px&quot;,&quot;top&quot;:&quot;&quot;,&quot;right&quot;:&quot;&quot;,&quot;bottom&quot;:&quot;&quot;,&quot;left&quot;:&quot;&quot;,&quot;isLinked&quot;:true},&quot;dropdown_border_radius_mobile&quot;:{&quot;unit&quot;:&quot;px&quot;,&quot;top&quot;:&quot;&quot;,&quot;right&quot;:&quot;&quot;,&quot;bottom&quot;:&quot;&quot;,&quot;left&quot;:&quot;&quot;,&quot;isLinked&quot;:true},&quot;width_dropdown_item_tablet&quot;:{&quot;unit&quot;:&quot;px&quot;,&quot;size&quot;:&quot;&quot;,&quot;sizes&quot;:[]},&quot;width_dropdown_item_mobile&quot;:{&quot;unit&quot;:&quot;px&quot;,&quot;size&quot;:&quot;&quot;,&quot;sizes&quot;:[]},&quot;padding_horizontal_dropdown_item_tablet&quot;:{&quot;unit&quot;:&quot;px&quot;,&quot;size&quot;:&quot;&quot;,&quot;sizes&quot;:[]},&quot;padding_horizontal_dropdown_item_mobile&quot;:{&quot;unit&quot;:&quot;px&quot;,&quot;size&quot;:&quot;&quot;,&quot;sizes&quot;:[]},&quot;padding_vertical_dropdown_item&quot;:{&quot;unit&quot;:&quot;px&quot;,&quot;size&quot;:15,&quot;sizes&quot;:[]},&quot;padding_vertical_dropdown_item_tablet&quot;:{&quot;unit&quot;:&quot;px&quot;,&quot;size&quot;:&quot;&quot;,&quot;sizes&quot;:[]},&quot;padding_vertical_dropdown_item_mobile&quot;:{&quot;unit&quot;:&quot;px&quot;,&quot;size&quot;:&quot;&quot;,&quot;sizes&quot;:[]},&quot;distance_from_menu_tablet&quot;:{&quot;unit&quot;:&quot;px&quot;,&quot;size&quot;:&quot;&quot;,&quot;sizes&quot;:[]},&quot;distance_from_menu_mobile&quot;:{&quot;unit&quot;:&quot;px&quot;,&quot;size&quot;:&quot;&quot;,&quot;sizes&quot;:[]},&quot;toggle_size_tablet&quot;:{&quot;unit&quot;:&quot;px&quot;,&quot;size&quot;:&quot;&quot;,&quot;sizes&quot;:[]},&quot;toggle_size_mobile&quot;:{&quot;unit&quot;:&quot;px&quot;,&quot;size&quot;:&quot;&quot;,&quot;sizes&quot;:[]},&quot;toggle_border_width&quot;:{&quot;unit&quot;:&quot;px&quot;,&quot;size&quot;:&quot;&quot;,&quot;sizes&quot;:[]},&quot;toggle_border_width_tablet&quot;:{&quot;unit&quot;:&quot;px&quot;,&quot;size&quot;:&quot;&quot;,&quot;sizes&quot;:[]},&quot;toggle_border_width_mobile&quot;:{&quot;unit&quot;:&quot;px&quot;,&quot;size&quot;:&quot;&quot;,&quot;sizes&quot;:[]},&quot;toggle_border_radius&quot;:{&quot;unit&quot;:&quot;px&quot;,&quot;size&quot;:&quot;&quot;,&quot;sizes&quot;:[]},&quot;toggle_border_radius_tablet&quot;:{&quot;unit&quot;:&quot;px&quot;,&quot;size&quot;:&quot;&quot;,&quot;sizes&quot;:[]},&quot;toggle_border_radius_mobile&quot;:{&quot;unit&quot;:&quot;px&quot;,&quot;size&quot;:&quot;&quot;,&quot;sizes&quot;:[]},&quot;padding&quot;:{&quot;unit&quot;:&quot;px&quot;,&quot;top&quot;:&quot;&quot;,&quot;right&quot;:&quot;&quot;,&quot;bottom&quot;:&quot;&quot;,&quot;left&quot;:&quot;&quot;,&quot;isLinked&quot;:true},&quot;padding_tablet&quot;:{&quot;unit&quot;:&quot;px&quot;,&quot;top&quot;:&quot;&quot;,&quot;right&quot;:&quot;&quot;,&quot;bottom&quot;:&quot;&quot;,&quot;left&quot;:&quot;&quot;,&quot;isLinked&quot;:true},&quot;padding_mobile&quot;:{&quot;unit&quot;:&quot;px&quot;,&quot;top&quot;:&quot;&quot;,&quot;right&quot;:&quot;&quot;,&quot;bottom&quot;:&quot;&quot;,&quot;left&quot;:&quot;&quot;,&quot;isLinked&quot;:true}}\" data-widget_type=\"navigation-menu.default\">\n\t\t\t\t<div class=\"elementor-widget-container\">\n\t\t\t\t\t\t\t\t<div class=\"hfe-nav-menu hfe-layout-horizontal hfe-nav-menu-layout horizontal hfe-pointer__none\" data-layout=\"horizontal\" data-last-item=\"cta\">\n\t\t\t\t<div role=\"button\" class=\"hfe-nav-menu__toggle elementor-clickable\" tabindex=\"0\" aria-label=\"Alternar men\u00fa\">\n\t\t\t\t\t<span class=\"screen-reader-text\">Men\u00fa<\/span>\n\t\t\t\t\t<div class=\"hfe-nav-menu-icon\">\n\t\t\t\t\t\t<i aria-hidden=\"true\"  class=\"fas fa-align-justify\"><\/i>\t\t\t\t\t<\/div>\n\t\t\t\t<\/div>\n\t\t\t\t<nav class=\"hfe-nav-menu__layout-horizontal hfe-nav-menu__submenu-arrow\" data-toggle-icon=\"&lt;i aria-hidden=&quot;true&quot; tabindex=&quot;0&quot; class=&quot;fas fa-align-justify&quot;&gt;&lt;\/i&gt;\" data-close-icon=\"&lt;i aria-hidden=&quot;true&quot; tabindex=&quot;0&quot; class=&quot;far fa-window-close&quot;&gt;&lt;\/i&gt;\" data-full-width=\"yes\">\n\t\t\t\t\t<ul id=\"menu-1-413b160\" class=\"hfe-nav-menu\"><li id=\"menu-item-1629\" class=\"menu-item menu-item-type-custom menu-item-object-custom parent hfe-creative-menu\"><a href=\"#Nosotros\" class = \"hfe-menu-item\">Nosotros<\/a><\/li>\n<li id=\"menu-item-1630\" class=\"menu-item menu-item-type-custom menu-item-object-custom parent hfe-creative-menu\"><a href=\"#Productos\" class = \"hfe-menu-item\">Productos<\/a><\/li>\n<li id=\"menu-item-1631\" class=\"menu-item menu-item-type-custom menu-item-object-custom parent hfe-creative-menu\"><a href=\"#Servicios\" class = \"hfe-menu-item\">Servicios<\/a><\/li>\n<li id=\"menu-item-1627\" class=\"menu-item menu-item-type-custom menu-item-object-custom parent hfe-creative-menu\"><a href=\"#Marcas\" class = \"hfe-menu-item\">Marcas<\/a><\/li>\n<li id=\"menu-item-1628\" class=\"menu-item menu-item-type-custom menu-item-object-custom parent hfe-creative-menu\"><a href=\"#Contacto\" class = \"hfe-menu-item\">Contacto<\/a><\/li>\n<\/ul> \n\t\t\t\t<\/nav>\n\t\t\t<\/div>\n\t\t\t\t\t\t\t<\/div>\n\t\t\t\t<\/div>\n\t\t\t\t\t<\/div>\n\t\t<\/div>\n\t\t\t\t\t<\/div>\n\t\t<\/section>\n\t\t\t\t<section class=\"elementor-section elementor-top-section elementor-element elementor-element-4fb2ce5 elementor-section-full_width elementor-section-height-min-height elementor-section-height-default elementor-section-items-middle\" data-id=\"4fb2ce5\" data-element_type=\"section\" data-e-type=\"section\">\n\t\t\t\t\t\t<div class=\"elementor-container elementor-column-gap-no\">\n\t\t\t\t\t<div class=\"elementor-column elementor-col-100 elementor-top-column elementor-element elementor-element-19f0287\" data-id=\"19f0287\" data-element_type=\"column\" data-e-type=\"column\">\n\t\t\t<div class=\"elementor-widget-wrap elementor-element-populated\">\n\t\t\t\t\t\t<div class=\"elementor-element elementor-element-d7adccf elementor-widget elementor-widget-spacer\" data-id=\"d7adccf\" data-element_type=\"widget\" data-e-type=\"widget\" data-widget_type=\"spacer.default\">\n\t\t\t\t<div class=\"elementor-widget-container\">\n\t\t\t\t\t\t\t<div class=\"elementor-spacer\">\n\t\t\t<div class=\"elementor-spacer-inner\"><\/div>\n\t\t<\/div>\n\t\t\t\t\t\t<\/div>\n\t\t\t\t<\/div>\n\t\t\t\t\t<\/div>\n\t\t<\/div>\n\t\t\t\t\t<\/div>\n\t\t<\/section>\n\t\t\t\t<section class=\"elementor-section elementor-top-section elementor-element elementor-element-82659ef elementor-section-boxed elementor-section-height-default elementor-section-height-default\" data-id=\"82659ef\" data-element_type=\"section\" data-e-type=\"section\" id=\"Productos\">\n\t\t\t\t\t\t<div class=\"elementor-container elementor-column-gap-default\">\n\t\t\t\t\t<div class=\"elementor-column elementor-col-100 elementor-top-column elementor-element elementor-element-6429977 PRODUCTOS\" data-id=\"6429977\" data-element_type=\"column\" data-e-type=\"column\">\n\t\t\t<div class=\"elementor-widget-wrap elementor-element-populated\">\n\t\t\t\t\t\t<div class=\"elementor-element elementor-element-997726f elementor-widget elementor-widget-heading\" data-id=\"997726f\" data-element_type=\"widget\" data-e-type=\"widget\" data-widget_type=\"heading.default\">\n\t\t\t\t<div class=\"elementor-widget-container\">\n\t\t\t\t\t<h2 class=\"elementor-heading-title elementor-size-default\">AVISO LEGAL Y POL\u00cdTICA DE PRIVACIDAD<\/h2>\t\t\t\t<\/div>\n\t\t\t\t<\/div>\n\t\t\t\t<div class=\"elementor-element elementor-element-7790264 elementor-widget elementor-widget-text-editor\" data-id=\"7790264\" data-element_type=\"widget\" data-e-type=\"widget\" data-widget_type=\"text-editor.default\">\n\t\t\t\t<div class=\"elementor-widget-container\">\n\t\t\t\t\t\t\t\t\t<p><strong>POL\u00cdTICA DE PROTECCI\u00d3N DE PROTECCI\u00d3N DE DATOS<\/strong><\/p><p><strong>\u00a0<\/strong><\/p><p><strong><u>Alcance de la pol\u00edtica de protecci\u00f3n de datos personales<\/u><\/strong><\/p><p>Esta pol\u00edtica de protecci\u00f3n de datos de car\u00e1cter personal abarca cualquier tratamiento de datos que pueda producirse al navegar o interaccionar por cualquiera de nuestras p\u00e1ginas web o las redes sociales en las que podamos tener presencia (Facebook, Twitter, Instagram, etc.). Al final de este documento se especifica informaci\u00f3n especial en el caso del uso de las redes sociales. Tambi\u00e9n se aplicar\u00e1 a cualquier procedimiento interno de la empresa que requiera la recogida de datos, ya sea en formularios en formato papel o cualquier otro sistema.<\/p><p><strong>\u00a0<\/strong><\/p><p>En cualquiera de estos medios, usted puede consultar informaci\u00f3n, y en algunos casos rellenar formularios, contestar encuestas, participar en concursos, realizar consultas, enviar fotograf\u00edas, realizar comentarios, etc.\u2026 y, por lo tanto, proporcionarnos informaci\u00f3n de datos de car\u00e1cter personal. Todos los tratamientos est\u00e1n sujetos a nuestra pol\u00edtica de privacidad.<\/p><p><strong>\u00a0<\/strong><\/p><p><strong><u>\u00bfQui\u00e9n es el responsable del Tratamiento de sus datos personales?<\/u><\/strong><\/p><p>En cumplimiento de lo establecido en el Reglamento (UE) 2016\/679 del Parlamento Europeo\u00a0y\u00a0del Consejo de 27 de abril del 2016 y la Ley Org\u00e1nica 3\/2018, de 5 de diciembre, de Protecci\u00f3n de Datos Personales y garant\u00eda de los derechos digitales, informamos, que los datos de car\u00e1cter personal que nos proporcione ser\u00e1n tratados por VIZCA\u00cdNA DE ALIMENTACION, S.A.U., con domicilio social en Bolinaga bidea, n\u00ba9, 48180 Loiu (Vizcaya) Tlf: +34 944 71 01 77\u00a0 CIF A-28880086 Correo electr\u00f3nico info@vizcainadealimentacion.com<\/p><p>\u00a0<\/p><p><strong><u>\u00bfQu\u00e9 tratamientos realizamos de sus datos personales?<\/u><\/strong><\/p><p>\u00a0<\/p><table width=\"566\"><tbody><tr><td width=\"132\"><p><strong>Tratamiento<\/strong><\/p><\/td><td width=\"434\"><p><strong>CLIENTES<\/strong><\/p><\/td><\/tr><tr><td width=\"132\"><p><strong>Finalidad<\/strong><\/p><\/td><td width=\"434\"><p>Gestionar los datos de los clientes para gestionar su pedido<\/p><\/td><\/tr><tr><td width=\"132\"><p><strong>Categor\u00edas de los datos<\/strong><\/p><\/td><td width=\"434\"><p>Clientes<\/p><\/td><\/tr><tr><td width=\"132\"><p><strong>Datos<\/strong><\/p><\/td><td width=\"434\"><p>Datos identificativos: Nombre y apellidos, DNI, direcci\u00f3n, tel\u00e9fono, mail<\/p><p>Tarjeta de cr\u00e9dito<\/p><\/td><\/tr><tr><td width=\"132\"><p><strong>Legitimaci\u00f3n<\/strong><\/p><\/td><td width=\"434\"><p>Relaci\u00f3n contractual.<\/p><\/td><\/tr><tr><td width=\"132\"><p><strong>Procedencia<\/strong><\/p><\/td><td width=\"434\"><p>Del propio interesado<\/p><\/td><\/tr><tr><td width=\"132\"><p><strong>Destinatarios<\/strong><\/p><\/td><td width=\"434\"><p>Las previstas por normativa<\/p><\/td><\/tr><tr><td width=\"132\"><p><strong>Tiempo de conservaci\u00f3n<\/strong><\/p><\/td><td width=\"434\"><p>Las previstas por normativa<\/p><\/td><\/tr><tr><td width=\"132\"><p><strong>Transferencias internacionales<\/strong><\/p><\/td><td width=\"434\"><p>No hay transferencia internacional de datos<\/p><\/td><\/tr><\/tbody><\/table><p><strong>\u00a0<\/strong><\/p><table><tbody><tr><td width=\"132\"><p><strong>Tratamiento:<\/strong><\/p><\/td><td width=\"434\"><p><strong>CANAL \u00c9TICO<\/strong><\/p><\/td><\/tr><tr><td width=\"132\"><p><strong>Finalidad<\/strong><\/p><\/td><td width=\"434\"><p>Gesti\u00f3n de los datos personales procedentes del canal \u00e9tico y los datos que deriven de la gesti\u00f3n del mismo.<\/p><\/td><\/tr><tr><td width=\"132\"><p><strong>Categor\u00edas de datos<\/strong><\/p><\/td><td width=\"434\"><p>Trabajadores de la empresa, clientes y \/u otras personas vinculadas.<\/p><\/td><\/tr><tr><td width=\"132\"><strong>Datos:<\/strong><\/td><td width=\"434\">Datos personales que puedan incluirse en la denuncia. No definidos por la empresa.<\/td><\/tr><tr><td width=\"132\"><strong>Legitimaci\u00f3n<\/strong><\/td><td width=\"434\"><p>6.c). cumplimiento de una obligaci\u00f3n legal aplicable al responsable del tratamiento<\/p><p>6. f)\u00a0el tratamiento es necesario para la satisfacci\u00f3n de intereses leg\u00edtimos perseguidos por el responsable del tratamiento<\/p><\/td><\/tr><tr><td width=\"132\"><strong>Procedencia:<\/strong><\/td><td width=\"434\">De la persona que realiza la denuncia que puede ser an\u00f3nima.<\/td><\/tr><tr><td width=\"132\"><strong>Destinatarios<\/strong><\/td><td width=\"434\">No est\u00e1 prevista la transferencia de informaci\u00f3n.<\/td><\/tr><tr><td width=\"132\"><strong>Conservaci\u00f3n:<\/strong><\/td><td width=\"434\">Siguiendo las directrices de la legislaci\u00f3n laboral vigente.<\/td><\/tr><tr><td width=\"132\"><strong>Transferencias internacionales<\/strong><\/td><td width=\"434\">No existen transferencias internacionales de datos.<\/td><\/tr><\/tbody><\/table><p>\u00a0<\/p><table><tbody><tr><td width=\"132\"><p><strong>Tratamiento:<\/strong><\/p><\/td><td width=\"434\"><p><strong>INFORMACI\u00d3N<\/strong><\/p><\/td><\/tr><tr><td width=\"132\"><p><strong>Finalidad<\/strong><\/p><\/td><td width=\"434\"><p>Responder las peticiones de informaci\u00f3n que se recepcionan por la web<\/p><\/td><\/tr><tr><td width=\"132\"><p><strong>Categor\u00edas de datos<\/strong><\/p><\/td><td width=\"434\"><p>Personas que solicitan informaci\u00f3n<\/p><\/td><\/tr><tr><td width=\"132\"><p><strong>Datos:<\/strong><\/p><\/td><td width=\"434\"><p>Nombre, apellidos, mail, tel\u00e9fono<\/p><\/td><\/tr><tr><td width=\"132\"><p><strong>Legitimaci\u00f3n<\/strong><\/p><\/td><td width=\"434\"><p>Inter\u00e9s leg\u00edtimo<\/p><\/td><\/tr><tr><td width=\"132\"><p><strong>Procedencia:<\/strong><\/p><\/td><td width=\"434\"><p>Del propio interesado<\/p><\/td><\/tr><tr><td width=\"132\"><p><strong>Destinatarios<\/strong><\/p><\/td><td width=\"434\"><p>No hay comunicaciones de los datos.<\/p><\/td><\/tr><tr><td width=\"132\"><p><strong>Conservaci\u00f3n:<\/strong><\/p><\/td><td width=\"434\"><p>Hasta que se haya gestionado la petici\u00f3n.<\/p><\/td><\/tr><tr><td width=\"132\"><p><strong>Transferencias internacionales<\/strong><\/p><\/td><td width=\"434\"><p>No existen transferencias internacionales de datos.<\/p><\/td><\/tr><\/tbody><\/table><p>\u00a0<\/p><table><tbody><tr><td width=\"132\"><p><strong>Tratamiento:<\/strong><\/p><\/td><td width=\"434\"><p><strong>NEWSLETTER<\/strong><\/p><\/td><\/tr><tr><td width=\"132\"><p><strong>Finalidad<\/strong><\/p><\/td><td width=\"434\"><p>Env\u00edo de informaci\u00f3n sobre productos de la empresa<\/p><\/td><\/tr><tr><td width=\"132\"><p><strong>Categor\u00edas de datos<\/strong><\/p><\/td><td width=\"434\"><p>Personas que solicitan informaci\u00f3n<\/p><\/td><\/tr><tr><td width=\"132\"><p><strong>Datos:<\/strong><\/p><\/td><td width=\"434\"><p>Nombre, apellidos, mail, tel\u00e9fono<\/p><\/td><\/tr><tr><td width=\"132\"><p><strong>Legitimaci\u00f3n<\/strong><\/p><\/td><td width=\"434\"><p>Consentimiento. \u00c9ste puede ser revocado en cualquier momento.<\/p><\/td><\/tr><tr><td width=\"132\"><p><strong>Procedencia:<\/strong><\/p><\/td><td width=\"434\"><p>Del propio interesado<\/p><\/td><\/tr><tr><td width=\"132\"><p><strong>Destinatarios<\/strong><\/p><\/td><td width=\"434\"><p>No hay comunicaciones de los datos.<\/p><\/td><\/tr><tr><td width=\"132\"><p><strong>Conservaci\u00f3n:<\/strong><\/p><\/td><td width=\"434\"><p>Hasta que se ejerza el derecho de oposici\u00f3n y\/o supresi\u00f3n<\/p><\/td><\/tr><tr><td width=\"132\"><p><strong>Transferencias internacionales<\/strong><\/p><\/td><td width=\"434\"><p>No existen transferencias internacionales de datos.<\/p><\/td><\/tr><\/tbody><\/table><p>\u00a0<\/p><table width=\"566\"><tbody><tr><td width=\"132\"><p><strong>Tratamiento<\/strong><\/p><\/td><td width=\"434\"><p><strong>BOLSA DE TRABAJO <\/strong><\/p><\/td><\/tr><tr><td width=\"132\"><p><strong>Finalidad<\/strong><\/p><\/td><td width=\"434\"><p>Formar parte de la bolsa de trabajo de la empresa<\/p><\/td><\/tr><tr><td width=\"132\"><p><strong>Categor\u00edas de los datos<\/strong><\/p><\/td><td width=\"434\"><p>Personas que solicitan trabajo<\/p><\/td><\/tr><tr><td width=\"132\"><p><strong>Datos<\/strong><\/p><\/td><td width=\"434\"><p>Nombre, apellidos, poblaci\u00f3n, fecha de nacimiento, mail y tel\u00e9fono. Datos identificativos, de formaci\u00f3n y de ocupaci\u00f3n.<\/p><\/td><\/tr><tr><td width=\"132\"><p><strong>Legitimaci\u00f3n<\/strong><\/p><\/td><td width=\"434\"><p>Consentimiento<\/p><\/td><\/tr><tr><td width=\"132\"><p><strong>Procedencia:<\/strong><\/p><\/td><td width=\"434\"><p>Del propio interesado<\/p><\/td><\/tr><tr><td width=\"132\"><p><strong>Destinatarios:<\/strong><\/p><\/td><td width=\"434\"><p>No se comunican los datos a terceros, salvo a los Encargados del Tratamiento con los que existe una relaci\u00f3n contractual.<\/p><\/td><\/tr><tr><td width=\"132\"><p><strong>Tiempo de conservaci\u00f3n<\/strong><\/p><\/td><td width=\"434\"><p>Seg\u00fan legislaci\u00f3n vigente<\/p><\/td><\/tr><tr><td width=\"132\"><p><strong>Transferencias internacionales<\/strong><\/p><\/td><td width=\"434\"><p>No hay transferencia internacional de datos<\/p><\/td><\/tr><\/tbody><\/table><p>\u00a0<\/p><table width=\"566\"><tbody><tr><td width=\"132\"><p><strong>Tratamiento<\/strong><\/p><\/td><td width=\"434\"><p><strong>VIDEOVIGILANCIA <\/strong><\/p><\/td><\/tr><tr><td width=\"132\"><p><strong>Finalidad<\/strong><\/p><\/td><td width=\"434\"><p>Videovigilancia de los accesos a las instalaciones<\/p><\/td><\/tr><tr><td width=\"132\"><p><strong>Categor\u00edas de los datos<\/strong><\/p><\/td><td width=\"434\"><p>Personas que acceden a les instalaciones<\/p><\/td><\/tr><tr><td width=\"132\"><p><strong>Datos<\/strong><\/p><\/td><td width=\"434\"><p>Im\u00e1genes<\/p><\/td><\/tr><tr><td width=\"132\"><p><strong>Legitimaci\u00f3n<\/strong><\/p><\/td><td width=\"434\"><p>Inter\u00e9s leg\u00edtimo<\/p><\/td><\/tr><tr><td width=\"132\"><p><strong>Procedencia:<\/strong><\/p><\/td><td width=\"434\"><p>Del propio interesado<\/p><\/td><\/tr><tr><td width=\"132\"><p><strong>Destinatarios:<\/strong><\/p><\/td><td width=\"434\"><p>Fuerzas y cuerpos de seguridad<\/p><\/td><\/tr><tr><td width=\"132\"><p><strong>Tiempo de conservaci\u00f3n<\/strong><\/p><\/td><td width=\"434\"><p>Un mes como m\u00e1ximo<\/p><\/td><\/tr><tr><td width=\"132\"><p><strong>Transferencias internacionales<\/strong><\/p><\/td><td width=\"434\"><p>No hay transferencia internacional de datos<\/p><\/td><\/tr><\/tbody><\/table><p>\u00a0<\/p><p>\u00a0<\/p><p>Su consentimiento puede ser revocado en cualquier momento.<\/p><p>VIZCA\u00cdNA DE ALIMENTACION, S.A.U. utiliza herramientas para analizar perfiles, comportamientos o preferencias de los usuarios y posteriormente realizar campa\u00f1as dirigidas en funci\u00f3n de estos datos.<\/p><p><strong>\u00a0<\/strong><\/p><p><strong><u>\u00bfPor qu\u00e9 raz\u00f3n utilizamos sus datos personales?<br \/><br \/><\/u><\/strong><\/p><p>A continuaci\u00f3n, le explicamos la base legal que nos permite tratar sus datos personales.<\/p><p>1.- En cumplimiento de una relaci\u00f3n contractual.<\/p><p>2.- Cuando nos da su consentimiento.\u00a0<\/p><p>3.- Por inter\u00e9s leg\u00edtimo de VIZCA\u00cdNA DE ALIMENTACION, S.A.U. para mostrarle servicios, productos e iniciativas que puedan interesarle.<\/p><p>4.- Cumplimiento de obligaciones impuestas por Ley.<\/p><p>Les recordamos que puede revocar su consentimiento en cualquier momento en la siguiente direcci\u00f3n:<\/p><p>info@vizcainadealimentacion.com<\/p><p>\u00a0<\/p><p><strong><u>Publicaciones de fotos o videos en la p\u00e1gina web o en las redes sociales<\/u><\/strong><\/p><p>Para la publicaci\u00f3n de fotograf\u00edas o videos de nuestros trabajadores, clientes, usuarios o menores en la web o redes sociales, al igual que para recopilar datos para realizar un concurso o tratar cualquier otro dato personal, previamente obtenemos el\u00a0consentimiento\u00a0previo, expl\u00edcito, indiscutible\u00a0e informado del titular que, en el caso de los menores de 14 a\u00f1os, se otorga por los padres o tutores legales.<\/p><p>El tratamiento de estas fotos acata\u00a0el principio de\u00a0proporcionalidad, es decir, solo se tratan estrictamente para la finalidad para la que se ha prestado el consentimiento.<\/p><p><strong><u>Datos no pertinentes<\/u><\/strong><\/p><p>VIZCA\u00cdNA DE ALIMENTACION, S.A.U. advierte al usuario de que, salvo la existencia de una representaci\u00f3n legalmente constituida, ning\u00fan usuario puede utilizar la identidad de otra persona y comunicar sus datos personales, por lo que el usuario en todo momento deber\u00e1 tener en cuenta que solo puede proporcionar datos personales correspondientes a su propia identidad y que sean adecuados, pertinentes, actuales, exactos y verdaderos.<\/p><p>\u00a0<\/p><p><strong><u>\u00bfCu\u00e1nto tiempo conservaremos sus datos?<\/u><\/strong><\/p><p>VIZCA\u00cdNA DE ALIMENTACION, S.A.U. guarda sus Datos Personales mientras sea necesario para el fin por el que fueron recopilados. Si la directriz es distinta a la indicada en esta pol\u00edtica se detalla en el documento pertinente.<\/p><p>\u00a0<\/p><p><strong><u>\u00bfA qui\u00e9n comunicaremos sus datos?<\/u><\/strong><\/p><p>\u00a0<\/p><p>VIZCA\u00cdNA DE ALIMENTACION, S.A.U. solamente ceder\u00e1 sus datos en aquellos servicios en los que se indica y en los casos previstos por una ley.<\/p><p>No se realizar\u00e1n transferencias internacionales de sus datos personales.<\/p><p>\u00a0<\/p><p>En el caso de las redes sociales, toda la informaci\u00f3n y contenidos publicados por el usuario\u00a0ser\u00e1n objeto de comunicaci\u00f3n y compartidos con el resto de los usuarios que consulten esta red social, por la propia naturaleza del servicio.<\/p><p><strong><u>Medidas de seguridad<\/u><\/strong><\/p><p>\u00a0<\/p><p>VIZCA\u00cdNA DE ALIMENTACION, S.A.U. asegura la absoluta confidencialidad y privacidad de los datos personales recogidos y por ello se han adoptado medidas esenciales de seguridad para evitar la alteraci\u00f3n, p\u00e9rdida, tratamiento o acceso no autorizado y garantizar as\u00ed su integridad y seguridad.<\/p><p>\u00a0<\/p><p>El Usuario se compromete a hacer un uso diligente y a no poner a la disposici\u00f3n de terceros su nombre de usuario y contrase\u00f1a, as\u00ed mismo se compromete a llevar a disposici\u00f3n de la empresa cualquier, robo, p\u00e9rdida o riesgo de acceso de terceros a su usuario.<\/p><p>\u00a0<\/p><p>\u00a0<\/p><p><strong><u>\u00bfCu\u00e1les son sus derechos cuando nos facilita sus datos personales?<\/u><\/strong><\/p><p>\u00a0<\/p><table><tbody><tr><td width=\"141\"><p><strong>Derecho<\/strong><\/p><\/td><td width=\"236\"><p><strong>Contenido<\/strong><\/p><\/td><td width=\"189\"><p><strong>Canal de atenci\u00f3n<\/strong><\/p><\/td><\/tr><tr><td width=\"141\"><p><strong>Acceso<\/strong><\/p><\/td><td width=\"236\"><p>Podr\u00e1 consultar los datos personales gestionados por VIZCAINA DE ALIMENTACI\u00d3N S.A.U.<\/p><\/td><td rowspan=\"6\" width=\"189\"><p>\u00a0<\/p><p><sub>\u00a0<\/sub><\/p><p><sub>\u00a0<\/sub><\/p><p><sub>info@vizcainadealimentacion.com<\/sub><\/p><\/td><\/tr><tr><td width=\"141\"><p><strong>Rectificaci\u00f3n<\/strong><\/p><\/td><td width=\"236\"><p>Podr\u00e1 modificar sus datos personales cuando sean inexactos.<\/p><\/td><\/tr><tr><td width=\"141\"><p><strong>Supresi\u00f3n<\/strong><\/p><\/td><td width=\"236\"><p>Podr\u00e1 solicitar la eliminaci\u00f3n de sus datos personales<\/p><\/td><\/tr><tr><td width=\"141\"><p><strong>Oposici\u00f3n<\/strong><\/p><\/td><td width=\"236\"><p>Podr\u00e1 solicitar que no se traten sus datos personales.<\/p><\/td><\/tr><tr><td width=\"141\"><p><strong>Limitaci\u00f3n del tratamiento<\/strong><\/p><\/td><td width=\"236\"><p>Podr\u00e1s solicitar la limitaci\u00f3n al tratamiento de tus datos en los siguientes casos:<\/p><p>&#8211;\u00a0\u00a0 Mientras se comprueba la impugnaci\u00f3n de la exactitud de tus datos<\/p><p>&#8211;\u00a0\u00a0 Cuando VIZCA\u00cdNA DE ALIMENTACION, S.A.U. no necesite tratar sus datos, pero usted los necesites para el ejercicio o defensa de reclamaciones.<\/p><\/td><\/tr><tr><td width=\"141\"><p><strong>Portabilidad<\/strong><\/p><\/td><td width=\"236\"><p>Podr\u00e1 recibir en formato electr\u00f3nico los datos que nos haya facilitado en formato electr\u00f3nico<\/p><\/td><\/tr><tr><td colspan=\"3\" width=\"566\"><p><strong>Si considera que no hemos tratado sus datos personales de acuerdo con la normativa presentar una reclamaci\u00f3n ante la Agencia Espa\u00f1ola de Protecci\u00f3n de Datos (www.agpd.es).<\/strong><\/p><\/td><\/tr><tr><td colspan=\"3\" width=\"566\"><p><strong>Para ejercitar sus derechos, acompa\u00f1e su solicitud una copia de su DNI o documento acreditativo de tu identidad.<\/strong><\/p><\/td><\/tr><tr><td colspan=\"3\" width=\"566\"><p><strong>El ejercicio de sus derechos es gratuito<\/strong><\/p><\/td><\/tr><tr><td colspan=\"3\" width=\"566\"><p><strong>\u00a0<\/strong><\/p><\/td><\/tr><\/tbody><\/table><p>\u00a0<\/p><p>\u00a0<\/p><p><strong>AVISO LEGAL <\/strong><\/p><p>\u00a0<\/p><p>Bienvenido a la p\u00e1gina web de <strong>(<\/strong>VIZCA\u00cdNA DE ALIMENTACION, S.A.U.)<\/p><p>A continuaci\u00f3n, le exponemos las condiciones de uso de esta p\u00e1gina WEB. La navegaci\u00f3n por esta p\u00e1gina WEB le otorga el rol de usuario de la misma y, por tanto, acepta las cl\u00e1usulas detalladas en este documento.<\/p><p><strong>IDENTIFICACI\u00d3N<\/strong><\/p><p><strong>\u00a0<\/strong><\/p><p>De conformidad con lo que dispone el art\u00edculo 10 de la Ley 34\/2002, de 11 de julio, de Servicios de Sociedad de la Informaci\u00f3n y Comercio Electr\u00f3nico, se informa que <a href=\"http:\/\/www.vizcainadealimentacion.com\">www.vizcainadealimentacion.com<\/a> es un dominio de la empresa VIZCA\u00cdNA DE ALIMENTACION, S.A.U. con domicilio social en Bolinaga bidea, n\u00ba9, 48180 Loiu (Vizcaya), Tlf: +34 944 71 01 77\u00a0 y mail info@vizcainadealimentacion.com<\/p><p>La sociedad se denomina VIZCA\u00cdNA DE ALIMENTACION, S.A.U. con CIF<strong>: <\/strong>A-28880086,que figura inscrita en el Registro Mercantil de Bizkaia, en el Tomo 1589 secci\u00f3n 3\u00aa, Folio 115, Hoja N\u00famero Bi200lA Inscripci\u00f3n 3\u00aa.<\/p><p><strong>\u00a0<\/strong><\/p><p><strong>NORMAS DE UTILIZACI\u00d3N<\/strong><\/p><p>El Usuario se compromete a hacer un uso adecuado y l\u00edcito del Sitio Web as\u00ed como de los contenidos y servicios, de conformidad con la legislaci\u00f3n aplicable en cada momento, la moral y buenas costumbres generalmente aceptadas y el orden p\u00fablico.<\/p><p>Queda prohibido realizar, por su parte, cualquier acci\u00f3n que pueda provocar alteraciones de los contenidos de esta WEB o un mal funcionamiento de la misma, incluyendo la introducci\u00f3n de virus o similares.<\/p><p>\u00a0<\/p><p><strong>PROPIEDAD INTELECTUAL<\/strong><\/p><p>Las p\u00e1ginas de la WEB y la informaci\u00f3n o los elementos que contiene, incluyen textos, documentos, fotograf\u00edas, dibujos, representaciones gr\u00e1ficas, bases de datos, v\u00eddeos y tambi\u00e9n logotipos, marcas, nombres comerciales, u otros signos distintivos, est\u00e1n protegidos por derechos de propiedad intelectual o industrial, de los cuales VIZCA\u00cdNA DE ALIMENTACION, S.A.U. es titular o licenciataria leg\u00edtima.<\/p><p>Queda prohibida cualquier modalidad de explotaci\u00f3n, incluyendo cualquier tipo de reproducci\u00f3n, distribuci\u00f3n, cesi\u00f3n a terceros, comunicaci\u00f3n p\u00fablica y transformaci\u00f3n, mediante cualquier tipo de apoyo y medio, sin la autorizaci\u00f3n previa y expresa.<\/p><p><strong>RESPONSABILIDAD<\/strong><\/p><p>Nuestra intenci\u00f3n es la de ofrecer un sitio WEB que ofrezca un funcionamiento continuado y de m\u00e1xima calidad.<\/p><p>De todas formas, le informamos que no podemos garantizar el acceso continuado, y que las p\u00e1ginas se puedan encontrar impedidas, o interrumpidas por factores o circunstancias ajenas a nuestra voluntad.<\/p><p>VIZCA\u00cdNA DE ALIMENTACION, S.A.U. no es responsable de la informaci\u00f3n y otros contenidos integrados en espacios o p\u00e1ginas web de terceros accesibles mediante enlaces, hiperv\u00ednculos o links.<\/p><p>VIZCA\u00cdNA DE ALIMENTACION, S.A.U. no se hace responsable de los perjuicios que se pudieran derivar, entre otros, de:<\/p><ul><li>Interferencias, interrupciones, fallos, omisiones, aver\u00edas telef\u00f3nicas, retrasos, bloqueos o desconexiones en el funcionamiento del sistema electr\u00f3nico, motivadas por deficiencias, sobrecargas y errores en las l\u00edneas y redes de telecomunicaciones<\/li><\/ul><p>\u00a0<\/p><ul><li>Intromisiones ileg\u00edtimas mediante el uso de programas malignos de cualquier tipo y a trav\u00e9s de cualquier medio de comunicaci\u00f3n.<\/li><\/ul><p>\u00a0<\/p><ul><li>Uso indebido o inadecuado del Sitio Web.<\/li><\/ul><p>\u00a0<\/p><ul><li>Errores producidos por un mal funcionamiento del navegador o por el uso de versiones no actualizadas del mismo.<\/li><\/ul><p>EL usuario, en caso de causar da\u00f1os y perjuicios por un uso il\u00edcito o incorrecto de este sitio WEB, podr\u00e1 ser reclamado de los da\u00f1os o perjuicios causados.<\/p><p>Asimismo, el usuario responder\u00e1 frente a cualquier da\u00f1o y perjuicio, que se derive del uso por su parte de \u201crobots\u201d, \u201cspiders\u201d, \u2026 o herramientas similares empleadas con el fin de recabar o extraer datos o de cualquier otra actuaci\u00f3n por su parte que imponga una carga irrazonable sobre el funcionamiento del Sitio Web.<\/p><p><strong>LEGISLACI\u00d3N<\/strong><\/p><p>Para la resoluci\u00f3n de cualquier conflicto que pueda surgir con ocasi\u00f3n de la visita a nuestra WEB aconsejamos que se contacte directamente con nosotros a trav\u00e9s de los datos de contacto que ofrecemos exponiendo su caso, con la finalidad de llegar a un acuerdo amistoso entre las dos partes.<\/p><p>En caso contrario, la ley aplicable en caso de disputa o conflicto de interpretaci\u00f3n de los t\u00e9rminos que conforman este aviso legal, as\u00ed como cualquier cuesti\u00f3n relacionada con los servicios y productos del presente portal, ser\u00e1 la ley espa\u00f1ola.<\/p><p>Nuestra empresa y el Usuario acuerdan someterse a los Jueces y Tribunales de domicilio del Usuario, siempre que el mismo est\u00e9 situado en territorio espa\u00f1ol y act\u00fae en condici\u00f3n de consumidor.<\/p>\t\t\t\t\t\t\t\t<\/div>\n\t\t\t\t<\/div>\n\t\t\t\t<div class=\"elementor-element elementor-element-534e07d elementor-widget elementor-widget-spacer\" data-id=\"534e07d\" data-element_type=\"widget\" data-e-type=\"widget\" data-widget_type=\"spacer.default\">\n\t\t\t\t<div class=\"elementor-widget-container\">\n\t\t\t\t\t\t\t<div class=\"elementor-spacer\">\n\t\t\t<div class=\"elementor-spacer-inner\"><\/div>\n\t\t<\/div>\n\t\t\t\t\t\t<\/div>\n\t\t\t\t<\/div>\n\t\t\t\t\t<\/div>\n\t\t<\/div>\n\t\t\t\t\t<\/div>\n\t\t<\/section>\n\t\t\t\t<section class=\"elementor-section elementor-top-section elementor-element elementor-element-2ce496c elementor-section-full_width elementor-section-height-default elementor-section-height-default\" data-id=\"2ce496c\" data-element_type=\"section\" data-e-type=\"section\">\n\t\t\t\t\t\t<div class=\"elementor-container elementor-column-gap-default\">\n\t\t\t\t\t<div class=\"elementor-column elementor-col-50 elementor-top-column elementor-element elementor-element-8cc9fed\" data-id=\"8cc9fed\" data-element_type=\"column\" data-e-type=\"column\">\n\t\t\t<div class=\"elementor-widget-wrap elementor-element-populated\">\n\t\t\t\t\t\t<div class=\"elementor-element elementor-element-6fe48df elementor-widget elementor-widget-text-editor\" data-id=\"6fe48df\" data-element_type=\"widget\" data-e-type=\"widget\" data-widget_type=\"text-editor.default\">\n\t\t\t\t<div class=\"elementor-widget-container\">\n\t\t\t\t\t\t\t\t\t<p><a href=\"https:\/\/vizcainadealimentacion.com\/\">\u00a9 2023 Vizca\u00edna de Alimentaci\u00f3n S.A.U.<\/a><\/p>\t\t\t\t\t\t\t\t<\/div>\n\t\t\t\t<\/div>\n\t\t\t\t\t<\/div>\n\t\t<\/div>\n\t\t\t\t<div class=\"elementor-column elementor-col-50 elementor-top-column elementor-element elementor-element-18e43d7\" data-id=\"18e43d7\" data-element_type=\"column\" data-e-type=\"column\">\n\t\t\t<div class=\"elementor-widget-wrap elementor-element-populated\">\n\t\t\t\t\t\t<div class=\"elementor-element elementor-element-9515896 elementor-widget elementor-widget-text-editor\" data-id=\"9515896\" data-element_type=\"widget\" data-e-type=\"widget\" data-widget_type=\"text-editor.default\">\n\t\t\t\t<div class=\"elementor-widget-container\">\n\t\t\t\t\t\t\t\t\t<p><a href=\"https:\/\/vizcainadealimentacion.com\/index.php\/vizcaina-alimentacion-privacidad\/\">Aviso legal y pol\u00edtica de privacidad<\/a> | <a href=\"https:\/\/vizcainadealimentacion.com\/index.php\/politica-de-cookies\/\">Cookies<\/a>| <a href=\"https:\/\/vizcainadealimentacion.com\/index.php\/cumplimiento-legal\/\">Cumplimiento legal<\/a><\/p>\t\t\t\t\t\t\t\t<\/div>\n\t\t\t\t<\/div>\n\t\t\t\t\t<\/div>\n\t\t<\/div>\n\t\t\t\t\t<\/div>\n\t\t<\/section>\n\t\t\t\t<\/div>\n\t\t","protected":false},"excerpt":{"rendered":"<p>952 31 64 62 \u00b7 646 595 732 Nosotros Productos Servicios Marcas Contacto AVISO LEGAL Y POL\u00cdTICA DE PRIVACIDAD POL\u00cdTICA DE PROTECCI\u00d3N DE PROTECCI\u00d3N DE DATOS \u00a0 Alcance de la pol\u00edtica de protecci\u00f3n de datos personales Esta pol\u00edtica de protecci\u00f3n de datos de car\u00e1cter personal abarca cualquier tratamiento de datos que pueda producirse al navegar [&hellip;]<\/p>\n","protected":false},"author":1,"featured_media":0,"parent":0,"menu_order":0,"comment_status":"closed","ping_status":"closed","template":"elementor_canvas","meta":{"footnotes":""},"class_list":["post-1733","page","type-page","status-publish","hentry"],"_links":{"self":[{"href":"https:\/\/vizcainadealimentacion.com\/index.php\/wp-json\/wp\/v2\/pages\/1733","targetHints":{"allow":["GET"]}}],"collection":[{"href":"https:\/\/vizcainadealimentacion.com\/index.php\/wp-json\/wp\/v2\/pages"}],"about":[{"href":"https:\/\/vizcainadealimentacion.com\/index.php\/wp-json\/wp\/v2\/types\/page"}],"author":[{"embeddable":true,"href":"https:\/\/vizcainadealimentacion.com\/index.php\/wp-json\/wp\/v2\/users\/1"}],"replies":[{"embeddable":true,"href":"https:\/\/vizcainadealimentacion.com\/index.php\/wp-json\/wp\/v2\/comments?post=1733"}],"version-history":[{"count":34,"href":"https:\/\/vizcainadealimentacion.com\/index.php\/wp-json\/wp\/v2\/pages\/1733\/revisions"}],"predecessor-version":[{"id":2040,"href":"https:\/\/vizcainadealimentacion.com\/index.php\/wp-json\/wp\/v2\/pages\/1733\/revisions\/2040"}],"wp:attachment":[{"href":"https:\/\/vizcainadealimentacion.com\/index.php\/wp-json\/wp\/v2\/media?parent=1733"}],"curies":[{"name":"wp","href":"https:\/\/api.w.org\/{rel}","templated":true}]}}